{"version":"1.0","provider_name":"Danadi&#039;s Kitchen","provider_url":"https:\/\/danadiskitchen.cafeblog.hu","author_name":"Danadi's Kitchen","author_url":"https:\/\/danadiskitchen.cafeblog.hu\/author\/kovacs_dana\/","title":"M\u00e1jus 1 - eml\u00e9kek","html":"<div style=\"text-align: justify\"><span style=\"font-size: x-small\"><span style=\"font-family: Verdana,sans-serif\"><span>...h\u00e1t el\u00e9rkezett v\u00e9gre - m\u00e1jus van. Nem r\u00e9g  m\u00e9g t\u00e9l volt, a ny\u00e1r meg m\u00e1r itt kopog az ajt\u00f3n. Sz\u00e1momra a legszebb  h\u00f3nap. Nem hi\u00e1ba az elej\u00e9n az any\u00e1kat a v\u00e9g\u00e9n a gyermekeket \u00fcnnepelj\u00fck.  :)<br \/> Gyerekkorom m\u00e1jus elsejei mindig n\u00e1lunk olyan csal\u00e1<span>di  \u00fcnnepek voltak. Reggel j\u00f3 kor\u00e1n kelt\u00fcnk, hiszen indultunk felvonulni.  Ez most biztosan nagyon fur\u00e1n hangzik, de nek\u00fcnk gyerekeknek ez  fantasztikus \u00e9lm\u00e9ny volt. A rengeteg lufi, vattacukor, maj\u00e1lisok \u00e9s a  V\u00e1rosliget - mi ez, ha nem igazi gyerekprogram. :-) Apu vitt minket,  anyu otthon t\u00fcst\u00e9nkedett, hogy mire haza\u00e9r\u00fcnk finom eb\u00e9ddel v\u00e1rjon. \u00c9s  mi volt az eb\u00e9d - szerintem, az ami mindenhol ilyenkor: R\u00c1NTOTT H\u00daS.  Jajj de im\u00e1dtam - \u00e9s im\u00e1dom most is. R\u00e9gebben igazi vas\u00e1rnapi \u00e9telnek  sz\u00e1m\u00edtott - most m\u00e1r itthon is ritk\u00e1bban essz\u00fck. Mindig v\u00e1laszthattunk,  hogy s\u00fclt burgony\u00e1val vagy krumplip\u00fcr\u00e9vel k\u00e9rj\u00fck. Hozz\u00e1 term\u00e9szetesen  uborkasal\u00e1ta duk\u00e1lt. \u00c9s mi volt a desszert - h\u00e1t MAD\u00c1RTEJ.<\/span><\/span><\/span><\/span><\/div><div style=\"text-align: justify\"><br \/><\/div><div style=\"clear: both;text-align: center\"><a href=\"http:\/\/4.bp.blogspot.com\/-XvvBN11Z34E\/UYCjNabCG3I\/AAAAAAAABGE\/syl8B-eT6gU\/s1600\/maj%C3%A1lis.jpg\" style=\"margin-left: 1em;margin-right: 1em\"><img border=\"0\" height=\"253\" src=\"https:\/\/danadiskitchen.cafeblog.hu\/files\/2013\/05\/maj\u00e1lis.jpg\" width=\"320\" \/><\/a><\/div><div style=\"text-align: justify\"><br \/><\/div>","type":"rich"}